{"id":25494,"date":"2026-01-10T11:55:57","date_gmt":"2026-01-10T11:55:57","guid":{"rendered":"https:\/\/apark.se\/tani-parking-dlugoterminowy-arlanda-40kr-dzien\/"},"modified":"2026-04-06T18:55:08","modified_gmt":"2026-04-06T18:55:08","slug":"tani-parking-dlugoterminowy-arlanda-40kr-dzien","status":"publish","type":"page","link":"https:\/\/apark.se\/pl\/","title":{"rendered":"Tani parking d\u0142ugoterminowy Arlanda 40kr \/ dzie\u0144"},"content":{"rendered":"<div id='av-layout-grid-1'  class='av-layout-grid-container av-tp2m-f5338e468e139091102e17afbf63199a entry-content-wrapper main_color av-flex-cells  avia-builder-el-0  el_before_av_section  avia-builder-el-first   container_wrap fullsize'  >\n\n<style type=\"text\/css\" data-created_by=\"avia_inline_auto\" id=\"style-css-av-l3roinqg-3dafe457966a4f9eaf673e2e873f70c0\">\n.flex_cell.av-l3roinqg-3dafe457966a4f9eaf673e2e873f70c0{\nvertical-align:middle;\nbackground-color:#0aa44a;\n}\n.responsive #top #wrap_all .flex_cell.av-l3roinqg-3dafe457966a4f9eaf673e2e873f70c0{\npadding:0px 0px 0px 0px !important;\n}\n<\/style>\n<div class='flex_cell av-l3roinqg-3dafe457966a4f9eaf673e2e873f70c0 av-gridrow-cell av_one_full no_margin  avia-builder-el-1  avia-builder-el-no-sibling  content-align-middle av-zero-padding'  ><div class='flex_cell_inner'><section  class='av_textblock_section av-mk8s6ceg-6da97db21470c2084941393d03e4ff4b '   itemscope=\"itemscope\" itemtype=\"https:\/\/schema.org\/CreativeWork\" ><div class='avia_textblock'  itemprop=\"text\" ><p style=\"text-align: center;\"><span style=\"color: #ffffff;\">niedziela 03 maja 2026: WIELE WOLNYCH MIEJSC PRACY<\/span><\/p>\n<\/div><\/section><br \/>\n<\/p>\n<\/div><\/div><\/div><div id='av_section_1'  class='avia-section av-1odwkh2-e78c58e021d14274f0c69e067a5f5f82 main_color avia-section-default avia-no-border-styling  avia-builder-el-4  el_after_av_layout_row  el_before_av_section  avia-bg-style-scroll container_wrap fullsize'  ><div class='container av-section-cont-open' ><div class='template-page content  av-content-full alpha units'><div class='post-entry post-entry-type-page post-entry-25494'><div class='entry-content-wrapper clearfix'>\n<div class='flex_column_table av-1itk7eu-6c019524ee40c7ac53f8eaaef5426748 sc-av_one_half av-equal-height-column-flextable'>\n<style type=\"text\/css\" data-created_by=\"avia_inline_auto\" id=\"style-css-av-1itk7eu-6c019524ee40c7ac53f8eaaef5426748\">\n.flex_column.av-1itk7eu-6c019524ee40c7ac53f8eaaef5426748{\npadding:20px 20px 20px 20px;\n}\n<\/style>\n<div  class='flex_column av-1itk7eu-6c019524ee40c7ac53f8eaaef5426748 av_one_half  avia-builder-el-5  el_before_av_one_half  avia-builder-el-first  first flex_column_table_cell av-equal-height-column av-align-middle  '     ><section  class='av_textblock_section av-mk88t62m-27b23ef16148e07713bfc515dff77877 '   itemscope=\"itemscope\" itemtype=\"https:\/\/schema.org\/CreativeWork\" ><div class='avia_textblock'  itemprop=\"text\" ><h1 style=\"text-align: center;\">Tani parking d\u0142ugoterminowy w pobli\u017cu Arlanda &#8211; 40 SEK za dzie\u0144<\/h1>\n<h3 style=\"text-align: center;\">Tani parking d\u0142ugoterminowy w M\u00e5by (M\u00e4rsta). Parking \u017cwirowy z du\u017c\u0105 ilo\u015bci\u0105 miejsca. Otwarty przez ca\u0142\u0105 dob\u0119. P\u0142atno\u015b\u0107 kart\u0105 kredytow\u0105. Bezobs\u0142ugowy, ale monitorowany kamerami. Transfer nie jest wliczony w cen\u0119. Nale\u017cy wsi\u0105\u015b\u0107 do autobusu SL do Arlanda, kt\u00f3ry kursuje przez ca\u0142\u0105 dob\u0119.       Wi\u0119cej informacji poni\u017cej!<\/h3>\n<\/div><\/section><\/div><div class='av-flex-placeholder'><\/div>\n<style type=\"text\/css\" data-created_by=\"avia_inline_auto\" id=\"style-css-av-mnipagsa-a1d2b2bfca9b964a15b14ad5af7e1887\">\n.flex_column.av-mnipagsa-a1d2b2bfca9b964a15b14ad5af7e1887{\npadding:20px 20px 20px 20px;\n}\n<\/style>\n<div  class='flex_column av-mnipagsa-a1d2b2bfca9b964a15b14ad5af7e1887 av_one_half  avia-builder-el-7  el_after_av_one_half  avia-builder-el-last  flex_column_table_cell av-equal-height-column av-align-middle  '     ><style type=\"text\/css\" data-created_by=\"avia_inline_auto\" id=\"style-css-av-mnipa156-9a18daa5a8dd8ac78a7e8a2a2562065d\">\n#top .av_textblock_section.av-mnipa156-9a18daa5a8dd8ac78a7e8a2a2562065d .avia_textblock{\ncolor:#ffffff;\n}\n<\/style>\n<section  class='av_textblock_section av-mnipa156-9a18daa5a8dd8ac78a7e8a2a2562065d '   itemscope=\"itemscope\" itemtype=\"https:\/\/schema.org\/CreativeWork\" ><div class='avia_textblock av_inherit_color'  itemprop=\"text\" ><p style=\"text-align: center;\"><section class=\"calculator-base\" data-transaction-id=\"\"\n  data-initial-step=\"0\" data-calculator\n  data-days-to-book-in-advance=\"10\">\n  <div class=\"calculator-base--wrapper\" data-calculator-wrapper>\n    <div data-state-form class=\"calculator-base--view\">\n      <h2 class=\"calculator-base--headline\">\n        Oblicz swoj\u0105 cen\u0119      <\/h2>\n      <p class=\"calculator-base--description\">\n        Op\u0142at\u0119 za parking mo\u017cna ui\u015bci\u0107 nie wcze\u015bniej ni\u017c na stronie 10 dzie\u0144(y) przed odlotem.      <\/p>\n      <form data-calculator-form class=\"calculator-base--form\" novalidate>\n        <div class=\"calculator-base--form-wrapper\">\n          <label for=\"type\">\n            <span>\n                          <\/span>\n            <select name=\"vehicle\" data-calculator-vehicle required>\n              <option data-day-price=\"0\" selected value=\"\">\n                Wyb\u00f3r pojazdu              <\/option>\n              <option data-day-price=\"40\" value=\"car\">\n                Samoch\u00f3d osobowy              <\/option>\n              <option data-day-price=\"80\" value=\"van\">\n                Van, kamper, pojazd s\u0142u\u017cbowy              <\/option>\n              <option data-day-price=\"160\" value=\"caravan\">\n                Samoch\u00f3d z przyczep\u0105 kempingow\u0105 lub przyczep\u0105              <\/option>\n              <option data-day-price=\"400\" value=\"truck\">\n                Ci\u0119\u017car\u00f3wka i autobus              <\/option>\n            <\/select>\n          <\/label>\n        <\/div>\n\n        <div class=\"calculator-base--form-wrapper\">\n          <label for=\"from\">\n            <span>\n              Data rozpocz\u0119cia            <\/span>\n            <input type=\"date\" id=\"from\" data-day-from\n              data-custom-validity=\"Data rozpocz\u0119cia jest nieprawid\u0142owa\" \/>\n          <\/label>\n          <label for=\"to\">\n            <span>\n              Data zako\u0144czenia            <\/span>\n            <input type=\"date\" id=\"to\" data-day-to\n              data-custom-validity=\"Data ko\u0144cowa jest nieprawid\u0142owa\" \/>\n          <\/label>\n        <\/div>\n        <span class=\"calculator-base--price\">\n          <span data-total-price>0:-<\/span>\n        <\/span>\n        <div class=\"calculator-base--form-wrapper\">\n          <label for=\"customer-name\">\n            <span>\n                          <\/span>\n            <input type=\"text\" id=\"customer-name\"\n              placeholder=\"Wpisz swoje imi\u0119 i nazwisko\" data-customer-name required \/>\n          <\/label>\n        <\/div>\n\n        <div class=\"calculator-base--form-wrapper\">\n\n          <label for=\"car-plate\">\n            <span>\n                          <\/span>\n            <input type=\"text\" id=\"car-plate\" placeholder=\"Numer rejestracyjny\"\n              data-car-plate required \/>\n          <\/label>\n          <label for=\"mobile-number\">\n            <span>\n                          <\/span>\n            <input data-custom-validity-empty=\"Wymagany jest numer telefonu kom\u00f3rkowego.\"\n              data-custom-validity-invalid=\"Wprowad\u017a prawid\u0142owy numer telefonu kom\u00f3rkowego z kodem kraju, np. +4670 123 45 67.\"\n              type=\"text\" id=\"mobile-number\" placeholder=\"Numer telefonu kom\u00f3rkowego\"\n              data-mobile-number _pattern=\"^(07[0-9])(?:\\s?\\d){7}$\" required \/>\n          <\/label>\n        <\/div>\n        <div class=\"calculator-base--form-wrapper\">\n          <label for=\"email\">\n            <span>\n                          <\/span>\n            <input type=\"email\" id=\"email\" placeholder=\"E-mail do odbioru\"\n              data-email \/>\n          <\/label>\n        <\/div>\n        <div class=\"calculator-base--form-wrapper\">\n          <label for=\"gdpr\" class=\"gdpr\">\n            <input type=\"checkbox\" id=\"gdpr\" data-gdpr required \/>\n            <span>\n              Potwierdzam, \u017ce zapozna\u0142em si\u0119 i <a href=\"https:\/\/apark.se\/villkor\/\" target=\"_blank\">akceptuj\u0119 warunki<\/a> parkowania w Apark AB.            <\/span>\n          <\/label>\n        <\/div>\n\n        <p data-no-js style=\"\n    padding: 10px;\n    background-color: red;\n    display: block;\n    text-align: center;\n    color: white;\n\">\n          <b>W\u0142\u0105cz obs\u0142ug\u0119 JavaScript, aby skorzysta\u0107 z kalkulatora cen i doko\u0144czy\u0107 p\u0142atno\u015b\u0107.<\/b>\n        <\/p>\n\n        <button type=\"submit\" class=\"calculator-base--button\" data-calculator-submit disabled>\n          Wynagrodzenie        <\/button>\n      <\/form>\n    <\/div>\n\n    <!-- Payment -->\n    <div data-state-send class=\"calculator-base--view text-center\">\n      <h2 class=\"calculator-base--headline\">\n        Potwierd\u017a zakup!      <\/h2>\n      <p>\n        Zamierzasz kupi\u0107 parking na <strong><span data-total-days=\"\">X<\/span> dni<\/strong><br>\u0141\u0105czna kwota: <strong><span data-total-price=\"\">0:-<\/span><\/strong> od <strong><span data-calculator-from-date=\"\">\u00e5\u00e5\u00e5\u00e5-mm-dd<\/span><\/strong> do <strong><span data-calculator-to-date=\"\">\u00e5\u00e5\u00e5\u00e5-mm-dd<\/span><\/strong> o 23:59.      <\/p>\n      <div id=\"stripe-payment-element\" data-stripe-key=\"pk_live_51RibSt2MR70fi8FB8bs9FHBz3juthrPcAsJKMjPDi2gpnAjPsVqrq8bniWRxkxlxSUdg92W3pAvflGTG44l358DI006fNdv5WA\"\n        class=\"calculator-base--stripe-payment-element\">\n        <!-- Stripe Payment Element will be rendered here -->\n      <\/div>\n      <button type=\"button\" data-stripe-submit disabled>\n        Wynagrodzenie      <\/button>\n    <\/div>\n\n\n    <!-- Loading -->\n    <div data-state-loading class=\"calculator-base--view text-center\">\n      <h2 class=\"calculator-base--headline\">\n        Przetwarzanie p\u0142atno\u015bci...      <\/h2>\n      <p>\n        Poczekaj, a\u017c przetworzymy Twoj\u0105 p\u0142atno\u015b\u0107.      <\/p>\n    <\/div>\n\n    <!-- Success-->\n    <div data-state-done class=\"calculator-base--view text-center\" data-amount=\"\">\n      <h2 class=\"calculator-base--headline\">\n        P\u0142atno\u015b\u0107 zrealizowana!      <\/h2>\n      \n      <p>\n        Je\u015bli chcesz przed\u0142u\u017cy\u0107 liczb\u0119 dni, po prostu wr\u00f3\u0107 i dokonaj nowego zakupu.      <\/p>\n      <button type=\"button\" class=\"calculator-base--button\" data-calculator-button-start-over>\n        Powr\u00f3t      <\/button>\n    <\/div>\n\n    <!-- error -->\n    <div data-state-error class=\"calculator-base--view text-center\">\n      <h2 class=\"calculator-base--headline\">\n        Ups, co\u015b posz\u0142o nie tak      <\/h2>\n      <p data-error-message>P\u0142atno\u015b\u0107 nie mog\u0142a zosta\u0107 przetworzona.\n Upewnij si\u0119, \u017ce masz wymagan\u0105 kwot\u0119 (0 SEK) na swoim koncie po\u0142\u0105czonym ze Swish\n i\n spr\u00f3buj ponownie.<\/p>\n      <button type=\"button\" class=\"calculator-base--button\" data-calculator-button-payment>\n        Spr\u00f3buj ponownie      <\/button>\n    <\/div>\n  <\/div>\n<\/section><\/p>\n<\/div><\/section><\/div><\/div><!--close column table wrapper. Autoclose: 1 -->\n<\/p>\n<\/div><\/div><\/div><!-- close content main div --><\/div><\/div><div id='av_section_2'  class='avia-section av-yx10va-e186f722789fa25e317dcbaca099f9f2 main_color avia-section-default avia-no-border-styling  avia-builder-el-9  el_after_av_section  el_before_av_section  avia-bg-style-scroll container_wrap fullsize'  ><div class='container av-section-cont-open' ><div class='template-page content  av-content-full alpha units'><div class='post-entry post-entry-type-page post-entry-25494'><div class='entry-content-wrapper clearfix'>\n\n<style type=\"text\/css\" data-created_by=\"avia_inline_auto\" id=\"style-css-av-mk8fm4n8-3ddd376e10f1f641f1bbe5eadb1781db\">\n.flex_column.av-mk8fm4n8-3ddd376e10f1f641f1bbe5eadb1781db{\npadding:0px 0px 0px 0px;\n}\n<\/style>\n<div  class='flex_column av-mk8fm4n8-3ddd376e10f1f641f1bbe5eadb1781db av_one_full  avia-builder-el-10  el_before_av_one_fifth  avia-builder-el-first  first flex_column_div av-zero-column-padding  '     ><section  class='av_textblock_section av-mk88u15i-d25fce40dbc38badcfdd2426d48dbab0 '   itemscope=\"itemscope\" itemtype=\"https:\/\/schema.org\/CreativeWork\" ><div class='avia_textblock'  itemprop=\"text\" ><h2 style=\"text-align: center;\">Oto jak to dzia\u0142a<\/h2>\n<\/div><\/section><\/div><div class='flex_column_table av-1e9cm-d9e9396134863c3787ac15ef848c0dba sc-av_one_fifth av-equal-height-column-flextable'>\n<style type=\"text\/css\" data-created_by=\"avia_inline_auto\" id=\"style-css-av-1e9cm-d9e9396134863c3787ac15ef848c0dba\">\n.flex_column.av-1e9cm-d9e9396134863c3787ac15ef848c0dba{\nwidth:18.4%;\nmargin-left:0;\nborder-width:2px;\nborder-color:#354f8c;\nborder-style:dotted;\npadding:20px 20px 20px 20px;\n}\n#top .flex_column_table.av-equal-height-column-flextable.av-1e9cm-d9e9396134863c3787ac15ef848c0dba .av-flex-placeholder{\nwidth:2%;\n}\n<\/style>\n<div  class='flex_column av-1e9cm-d9e9396134863c3787ac15ef848c0dba av_one_fifth  avia-builder-el-12  el_after_av_one_full  el_before_av_one_fifth  first flex_column_table_cell av-equal-height-column av-align-top  column-top-margin'     ><p>\n<style type=\"text\/css\" data-created_by=\"avia_inline_auto\" id=\"style-css-av-mk8fwq1y-7f92d1edce24c0d8ef8fb90f94a1d1d7\">\n.avia-image-container.av-mk8fwq1y-7f92d1edce24c0d8ef8fb90f94a1d1d7 img.avia_image{\nbox-shadow:none;\n}\n.avia-image-container.av-mk8fwq1y-7f92d1edce24c0d8ef8fb90f94a1d1d7 .av-image-caption-overlay-center{\ncolor:#ffffff;\n}\n<\/style>\n<div  class='avia-image-container av-mk8fwq1y-7f92d1edce24c0d8ef8fb90f94a1d1d7 av-styling- avia-align-center  avia-builder-el-13  el_before_av_textblock  avia-builder-el-first '   itemprop=\"image\" itemscope=\"itemscope\" itemtype=\"https:\/\/schema.org\/ImageObject\" ><div class=\"avia-image-container-inner\"><div class=\"avia-image-overlay-wrap\"><img decoding=\"async\" fetchpriority=\"high\" class='wp-image-25339 avia-img-lazy-loading-not-25339 avia_image ' src=\"https:\/\/apark.se\/wp-content\/uploads\/2026\/01\/Valj-datum-och-berakna-priset.png\" alt='' title='V\u00e4lj datum och ber\u00e4kna priset'  height=\"80\" width=\"80\"  itemprop=\"thumbnailUrl\" srcset=\"https:\/\/apark.se\/wp-content\/uploads\/2026\/01\/Valj-datum-och-berakna-priset.png 80w, https:\/\/apark.se\/wp-content\/uploads\/2026\/01\/Valj-datum-och-berakna-priset-36x36.png 36w\" sizes=\"(max-width: 80px) 100vw, 80px\" \/><\/div><\/div><\/div><br \/>\n<section  class='av_textblock_section av-l6qkxnop-46d423485826a0e1286b65c8940039af '   itemscope=\"itemscope\" itemtype=\"https:\/\/schema.org\/CreativeWork\" ><div class='avia_textblock av_inherit_color'  itemprop=\"text\" ><h3 style=\"text-align: center;\">Wybierz dat\u0119 i oblicz cen\u0119<\/h3>\n<p style=\"text-align: center;\">U\u017cytkownik p\u0142aci 40kr za dzie\u0144 kalendarzowy lub jego cz\u0119\u015b\u0107. Parking jest wa\u017cny do po\u0142udnia. 23:59 w okre\u015blonej dacie zako\u0144czenia.<\/p>\n<p style=\"text-align: center;\">\n<\/div><\/section><\/p><\/div><div class='av-flex-placeholder'><\/div>\n<style type=\"text\/css\" data-created_by=\"avia_inline_auto\" id=\"style-css-av-26c8qsm-0a72bcd9e029bacd4cb4982fdbd2747b\">\n.flex_column.av-26c8qsm-0a72bcd9e029bacd4cb4982fdbd2747b{\nwidth:18.4%;\nmargin-left:0;\nborder-width:2px;\nborder-color:#354f8c;\nborder-style:dotted;\npadding:20px 20px 20px 20px;\n}\n#top .flex_column_table.av-equal-height-column-flextable.av-26c8qsm-0a72bcd9e029bacd4cb4982fdbd2747b .av-flex-placeholder{\nwidth:2%;\n}\n<\/style>\n<div  class='flex_column av-26c8qsm-0a72bcd9e029bacd4cb4982fdbd2747b av_one_fifth  avia-builder-el-15  el_after_av_one_fifth  el_before_av_one_fifth  flex_column_table_cell av-equal-height-column av-align-top  column-top-margin'     ><p>\n<style type=\"text\/css\" data-created_by=\"avia_inline_auto\" id=\"style-css-av-mk8fwvz0-4bf367f2737fb421cc7d42b25b40167a\">\n.avia-image-container.av-mk8fwvz0-4bf367f2737fb421cc7d42b25b40167a img.avia_image{\nbox-shadow:none;\n}\n.avia-image-container.av-mk8fwvz0-4bf367f2737fb421cc7d42b25b40167a .av-image-caption-overlay-center{\ncolor:#ffffff;\n}\n<\/style>\n<div  class='avia-image-container av-mk8fwvz0-4bf367f2737fb421cc7d42b25b40167a av-styling- avia-align-center  avia-builder-el-16  el_before_av_textblock  avia-builder-el-first '   itemprop=\"image\" itemscope=\"itemscope\" itemtype=\"https:\/\/schema.org\/ImageObject\" ><div class=\"avia-image-container-inner\"><div class=\"avia-image-overlay-wrap\"><img decoding=\"async\" fetchpriority=\"high\" class='wp-image-25369 avia-img-lazy-loading-not-25369 avia_image ' src=\"https:\/\/apark.se\/wp-content\/uploads\/2026\/01\/Betala-avgiften-i-forskott.png\" alt='' title='Betala avgiften i f\u00f6rskott'  height=\"80\" width=\"80\"  itemprop=\"thumbnailUrl\" srcset=\"https:\/\/apark.se\/wp-content\/uploads\/2026\/01\/Betala-avgiften-i-forskott.png 80w, https:\/\/apark.se\/wp-content\/uploads\/2026\/01\/Betala-avgiften-i-forskott-36x36.png 36w\" sizes=\"(max-width: 80px) 100vw, 80px\" \/><\/div><\/div><\/div><br \/>\n<section  class='av_textblock_section av-mk88vsmq-1f3c61a0514827e366b1d66dea7fa12e '   itemscope=\"itemscope\" itemtype=\"https:\/\/schema.org\/CreativeWork\" ><div class='avia_textblock av_inherit_color'  itemprop=\"text\" ><h3 style=\"text-align: center;\">Uiszczenie op\u0142aty z g\u00f3ry<\/h3>\n<p style=\"text-align: center;\">P\u0142atno\u015b\u0107 jest dokonywana kart\u0105 kredytow\u0105 za po\u015brednictwem naszej strony internetowej i musi by\u0107 dokonana z g\u00f3ry za ca\u0142y okres. Samoch\u00f3d musi mie\u0107 zawsze aktywn\u0105 p\u0142atno\u015b\u0107, gdy znajduje si\u0119 na parkingu.  Potrzebujesz wi\u0119cej dni? \u0141atwo przed\u0142u\u017cy\u0107, kupuj\u0105c wi\u0119cej dni. <\/p>\n<p style=\"text-align: center;\"><strong>AKTYWNY NADZ\u00d3R PARKINGOWY<\/strong><\/p>\n<p style=\"text-align: center;\">\n<\/div><\/section><\/p><\/div><div class='av-flex-placeholder'><\/div>\n<style type=\"text\/css\" data-created_by=\"avia_inline_auto\" id=\"style-css-av-1n0ug86-2e8206fba0257411ac4fc4c01a2fd143\">\n.flex_column.av-1n0ug86-2e8206fba0257411ac4fc4c01a2fd143{\nwidth:18.4%;\nmargin-left:0;\nborder-width:2px;\nborder-color:#354f8c;\nborder-style:dotted;\npadding:20px 20px 20px 20px;\n}\n#top .flex_column_table.av-equal-height-column-flextable.av-1n0ug86-2e8206fba0257411ac4fc4c01a2fd143 .av-flex-placeholder{\nwidth:2%;\n}\n<\/style>\n<div  class='flex_column av-1n0ug86-2e8206fba0257411ac4fc4c01a2fd143 av_one_fifth  avia-builder-el-18  el_after_av_one_fifth  el_before_av_one_fifth  flex_column_table_cell av-equal-height-column av-align-top  column-top-margin'     ><p>\n<style type=\"text\/css\" data-created_by=\"avia_inline_auto\" id=\"style-css-av-mk8fx180-cb893b1650d0388ba60c56a514d91e26\">\n.avia-image-container.av-mk8fx180-cb893b1650d0388ba60c56a514d91e26 img.avia_image{\nbox-shadow:none;\n}\n.avia-image-container.av-mk8fx180-cb893b1650d0388ba60c56a514d91e26 .av-image-caption-overlay-center{\ncolor:#ffffff;\n}\n<\/style>\n<div  class='avia-image-container av-mk8fx180-cb893b1650d0388ba60c56a514d91e26 av-styling- avia-align-center  avia-builder-el-19  el_before_av_textblock  avia-builder-el-first '   itemprop=\"image\" itemscope=\"itemscope\" itemtype=\"https:\/\/schema.org\/ImageObject\" ><div class=\"avia-image-container-inner\"><div class=\"avia-image-overlay-wrap\"><img decoding=\"async\" fetchpriority=\"high\" class='wp-image-25309 avia-img-lazy-loading-not-25309 avia_image ' src=\"https:\/\/apark.se\/wp-content\/uploads\/2026\/01\/Vi-tar-inte-forbokningar.png\" alt='' title='Vi tar inte f\u00f6rbokningar'  height=\"80\" width=\"80\"  itemprop=\"thumbnailUrl\" srcset=\"https:\/\/apark.se\/wp-content\/uploads\/2026\/01\/Vi-tar-inte-forbokningar.png 80w, https:\/\/apark.se\/wp-content\/uploads\/2026\/01\/Vi-tar-inte-forbokningar-36x36.png 36w\" sizes=\"(max-width: 80px) 100vw, 80px\" \/><\/div><\/div><\/div><br \/>\n<section  class='av_textblock_section av-mk88ygkn-82c6a8fb123730491c7669061d2c3ec6 '   itemscope=\"itemscope\" itemtype=\"https:\/\/schema.org\/CreativeWork\" ><div class='avia_textblock av_inherit_color'  itemprop=\"text\" ><h3 style=\"text-align: center;\">Nie przyjmujemy rezerwacji z wyprzedzeniem<\/h3>\n<p style=\"text-align: center;\">  Nie przyjmujemy rezerwacji z wyprzedzeniem &#8211; parking jest dost\u0119pny w zale\u017cno\u015bci od dost\u0119pno\u015bci. Mo\u017cna jednak zdecydowa\u0107 si\u0119 na przedp\u0142at\u0119 przed przyjazdem. Obecnie p\u0142atno\u015bci mo\u017cna dokona\u0107 najwcze\u015bniej na stronie 10 dni przed odlotem. Je\u015bli dokona\u0142e\u015b przedp\u0142aty, a po Twoim przyje\u017adzie nadal b\u0119dziemy pe\u0142ni, zwr\u00f3cimy Ci ca\u0142\u0105 op\u0142at\u0119.  <\/p>\n<p style=\"text-align: center;\">\n<\/div><\/section><\/p><\/div><div class='av-flex-placeholder'><\/div>\n<style type=\"text\/css\" data-created_by=\"avia_inline_auto\" id=\"style-css-av-1d2fi1y-e8374ad6e8e2e9e0946018dac12ba276\">\n.flex_column.av-1d2fi1y-e8374ad6e8e2e9e0946018dac12ba276{\nwidth:18.4%;\nmargin-left:0;\nborder-width:2px;\nborder-color:#354f8c;\nborder-style:dotted;\npadding:20px 20px 20px 20px;\n}\n#top .flex_column_table.av-equal-height-column-flextable.av-1d2fi1y-e8374ad6e8e2e9e0946018dac12ba276 .av-flex-placeholder{\nwidth:2%;\n}\n<\/style>\n<div  class='flex_column av-1d2fi1y-e8374ad6e8e2e9e0946018dac12ba276 av_one_fifth  avia-builder-el-21  el_after_av_one_fifth  el_before_av_one_fifth  flex_column_table_cell av-equal-height-column av-align-top  column-top-margin'     ><p>\n<style type=\"text\/css\" data-created_by=\"avia_inline_auto\" id=\"style-css-av-mk8fxae9-c74ea44f89c4400379f3ed7a7951b506\">\n.avia-image-container.av-mk8fxae9-c74ea44f89c4400379f3ed7a7951b506 img.avia_image{\nbox-shadow:none;\n}\n.avia-image-container.av-mk8fxae9-c74ea44f89c4400379f3ed7a7951b506 .av-image-caption-overlay-center{\ncolor:#ffffff;\n}\n<\/style>\n<div  class='avia-image-container av-mk8fxae9-c74ea44f89c4400379f3ed7a7951b506 av-styling- avia-align-center  avia-builder-el-22  el_before_av_textblock  avia-builder-el-first '   itemprop=\"image\" itemscope=\"itemscope\" itemtype=\"https:\/\/schema.org\/ImageObject\" ><div class=\"avia-image-container-inner\"><div class=\"avia-image-overlay-wrap\"><img decoding=\"async\" fetchpriority=\"high\" class='wp-image-25249 avia-img-lazy-loading-not-25249 avia_image ' src=\"https:\/\/apark.se\/wp-content\/uploads\/2026\/01\/Parkera-din-bil-sjalv.png\" alt='' title='Parkera din bil sj\u00e4lv'  height=\"80\" width=\"80\"  itemprop=\"thumbnailUrl\" srcset=\"https:\/\/apark.se\/wp-content\/uploads\/2026\/01\/Parkera-din-bil-sjalv.png 80w, https:\/\/apark.se\/wp-content\/uploads\/2026\/01\/Parkera-din-bil-sjalv-36x36.png 36w\" sizes=\"(max-width: 80px) 100vw, 80px\" \/><\/div><\/div><\/div><br \/>\n<section  class='av_textblock_section av-mk88zjib-11a564aff7e14e5b14fa89bdb6be79c9 '   itemscope=\"itemscope\" itemtype=\"https:\/\/schema.org\/CreativeWork\" ><div class='avia_textblock av_inherit_color'  itemprop=\"text\" ><h3 style=\"text-align: center;\">  Samodzielne parkowanie samochodu<\/h3>\n<p style=\"text-align: center;\">Sam parkujesz samoch\u00f3d i zatrzymujesz kluczyki. Mo\u017cesz parkowa\u0107 o ka\u017cdej porze dnia. Jeste\u015bmy zawsze otwarci. Prosimy o parkowanie wy\u0142\u0105cznie w obszarze za du\u017cym znakiem powitalnym i nie blokowanie wyjazdu innym osobom.   <\/p>\n<p style=\"text-align: center;\">\n<\/div><\/section><\/p><\/div><div class='av-flex-placeholder'><\/div>\n<style type=\"text\/css\" data-created_by=\"avia_inline_auto\" id=\"style-css-av-k0rwau-9dda293246cd67619bdfc9eda09ca437\">\n.flex_column.av-k0rwau-9dda293246cd67619bdfc9eda09ca437{\nwidth:18.4%;\nmargin-left:0;\nborder-width:2px;\nborder-color:#354f8c;\nborder-style:dotted;\npadding:20px 20px 20px 20px;\n}\n#top .flex_column_table.av-equal-height-column-flextable.av-k0rwau-9dda293246cd67619bdfc9eda09ca437 .av-flex-placeholder{\nwidth:2%;\n}\n<\/style>\n<div  class='flex_column av-k0rwau-9dda293246cd67619bdfc9eda09ca437 av_one_fifth  avia-builder-el-24  el_after_av_one_fifth  avia-builder-el-last  flex_column_table_cell av-equal-height-column av-align-top  column-top-margin'     ><p>\n<style type=\"text\/css\" data-created_by=\"avia_inline_auto\" id=\"style-css-av-mk8fxf8v-bf4330bc01c684bdd50638e6bae6717b\">\n.avia-image-container.av-mk8fxf8v-bf4330bc01c684bdd50638e6bae6717b img.avia_image{\nbox-shadow:none;\n}\n.avia-image-container.av-mk8fxf8v-bf4330bc01c684bdd50638e6bae6717b .av-image-caption-overlay-center{\ncolor:#ffffff;\n}\n<\/style>\n<div  class='avia-image-container av-mk8fxf8v-bf4330bc01c684bdd50638e6bae6717b av-styling- avia-align-center  avia-builder-el-25  el_before_av_textblock  avia-builder-el-first '   itemprop=\"image\" itemscope=\"itemscope\" itemtype=\"https:\/\/schema.org\/ImageObject\" ><div class=\"avia-image-container-inner\"><div class=\"avia-image-overlay-wrap\"><img decoding=\"async\" fetchpriority=\"high\" class='wp-image-25219 avia-img-lazy-loading-not-25219 avia_image ' src=\"https:\/\/apark.se\/wp-content\/uploads\/2026\/01\/Ta-dig-sjalv-till-Arlanda.png\" alt='' title='Ta dig sj\u00e4lv till Arlanda'  height=\"80\" width=\"80\"  itemprop=\"thumbnailUrl\" srcset=\"https:\/\/apark.se\/wp-content\/uploads\/2026\/01\/Ta-dig-sjalv-till-Arlanda.png 80w, https:\/\/apark.se\/wp-content\/uploads\/2026\/01\/Ta-dig-sjalv-till-Arlanda-36x36.png 36w\" sizes=\"(max-width: 80px) 100vw, 80px\" \/><\/div><\/div><\/div><br \/>\n<section  class='av_textblock_section av-mk8908wq-d8301700566dec667076ab7c6208a851 '   itemscope=\"itemscope\" itemtype=\"https:\/\/schema.org\/CreativeWork\" ><div class='avia_textblock av_inherit_color'  itemprop=\"text\" ><h3 style=\"text-align: center;\">  Zabierz si\u0119 do Arlandy<\/h3>\n<p style=\"text-align: center;\">Nie oferujemy us\u0142ugi transferu do i z lotniska Arlanda. Odnosimy si\u0119 do lokalnej linii autobusowej SL 579 (przystanek M\u00e5by), kt\u00f3ra kursuje przez ca\u0142\u0105 dob\u0119. Do przystanku jest oko\u0142o 5 minut spacerem, a podr\u00f3\u017c do Arlandy trwa oko\u0142o 10 minut. Bilet p\u0142aci si\u0119 w autobusie.   <\/p>\n<p style=\"text-align: center;\">\n<\/div><\/section><\/p><\/div><\/div><!--close column table wrapper. Autoclose: 1 -->\n\n<\/div><\/div><\/div><!-- close content main div --><\/div><\/div>\n<style type=\"text\/css\" data-created_by=\"avia_inline_auto\" id=\"style-css-av-l6qlbsxz-d0fa8960bcf93473d52a7c3581bbc6c5\">\n.avia-section.av-l6qlbsxz-d0fa8960bcf93473d52a7c3581bbc6c5{\nbackground-color:#e3e3e3;\nbackground-image:unset;\nmargin-top:0px;\nmargin-bottom:-40px;\n}\n<\/style>\n<div id='av_section_3'  class='avia-section av-l6qlbsxz-d0fa8960bcf93473d52a7c3581bbc6c5 main_color avia-section-default avia-no-border-styling  avia-builder-el-27  el_after_av_section  el_before_av_section  avia-bg-style-scroll container_wrap fullsize'  ><div class='container av-section-cont-open' ><div class='template-page content  av-content-full alpha units'><div class='post-entry post-entry-type-page post-entry-25494'><div class='entry-content-wrapper clearfix'>\n<div class='flex_column_table av-48jsjq-09c7ab9ded029f2890d24a39f4d2da4f sc-av_one_third av-equal-height-column-flextable'>\n<style type=\"text\/css\" data-created_by=\"avia_inline_auto\" id=\"style-css-av-48jsjq-09c7ab9ded029f2890d24a39f4d2da4f\">\n.flex_column.av-48jsjq-09c7ab9ded029f2890d24a39f4d2da4f{\nwidth:31.333333333333%;\nmargin-left:0;\npadding:20px 20px 20px 20px;\nbackground-color:#ffffff;\n}\n#top .flex_column_table.av-equal-height-column-flextable.av-48jsjq-09c7ab9ded029f2890d24a39f4d2da4f .av-flex-placeholder{\nwidth:3%;\n}\n<\/style>\n<div  class='flex_column av-48jsjq-09c7ab9ded029f2890d24a39f4d2da4f av_one_third  avia-builder-el-28  el_before_av_one_third  avia-builder-el-first  first flex_column_table_cell av-equal-height-column av-align-top  '     ><style type=\"text\/css\" data-created_by=\"avia_inline_auto\" id=\"style-css-av-maxmo8tm-666a34591a2c578691a6770628eabe95\">\n.avia-image-container.av-maxmo8tm-666a34591a2c578691a6770628eabe95 img.avia_image{\nbox-shadow:none;\n}\n.avia-image-container.av-maxmo8tm-666a34591a2c578691a6770628eabe95 .av-image-caption-overlay-center{\ncolor:#ffffff;\n}\n<\/style>\n<div  class='avia-image-container av-maxmo8tm-666a34591a2c578691a6770628eabe95 av-styling- avia-align-center  avia-builder-el-29  avia-builder-el-no-sibling '   itemprop=\"image\" itemscope=\"itemscope\" itemtype=\"https:\/\/schema.org\/ImageObject\" ><div class=\"avia-image-container-inner\"><div class=\"avia-image-overlay-wrap\"><img decoding=\"async\" fetchpriority=\"high\" class='wp-image-22737 avia-img-lazy-loading-not-22737 avia_image ' src=\"https:\/\/apark.se\/wp-content\/uploads\/2025\/05\/IMG_2402-1030x962.jpeg\" alt='Apark Billig l\u00e5ngtidsparkering' title='IMG_2402'  height=\"962\" width=\"1030\"  itemprop=\"thumbnailUrl\" srcset=\"https:\/\/apark.se\/wp-content\/uploads\/2025\/05\/IMG_2402-1030x962.jpeg 1030w, https:\/\/apark.se\/wp-content\/uploads\/2025\/05\/IMG_2402-300x280.jpeg 300w, https:\/\/apark.se\/wp-content\/uploads\/2025\/05\/IMG_2402-768x718.jpeg 768w, https:\/\/apark.se\/wp-content\/uploads\/2025\/05\/IMG_2402-1536x1435.jpeg 1536w, https:\/\/apark.se\/wp-content\/uploads\/2025\/05\/IMG_2402-2048x1913.jpeg 2048w, https:\/\/apark.se\/wp-content\/uploads\/2025\/05\/IMG_2402-1500x1401.jpeg 1500w, https:\/\/apark.se\/wp-content\/uploads\/2025\/05\/IMG_2402-705x659.jpeg 705w\" sizes=\"(max-width: 1030px) 100vw, 1030px\" \/><\/div><\/div><\/div><\/div><div class='av-flex-placeholder'><\/div>\n<style type=\"text\/css\" data-created_by=\"avia_inline_auto\" id=\"style-css-av-ltwpvq-74d927978b321feec157ea6bc91dd058\">\n.flex_column.av-ltwpvq-74d927978b321feec157ea6bc91dd058{\nwidth:31.333333333333%;\nmargin-left:0;\npadding:20px 20px 20px 20px;\nbackground-color:#ffffff;\n}\n#top .flex_column_table.av-equal-height-column-flextable.av-ltwpvq-74d927978b321feec157ea6bc91dd058 .av-flex-placeholder{\nwidth:3%;\n}\n<\/style>\n<div  class='flex_column av-ltwpvq-74d927978b321feec157ea6bc91dd058 av_one_third  avia-builder-el-30  el_after_av_one_third  el_before_av_one_third  flex_column_table_cell av-equal-height-column av-align-top  '     ><section  class='av_textblock_section av-12g9cue-e842d1a1cfb0b01cfe94658f81f95e3e '   itemscope=\"itemscope\" itemtype=\"https:\/\/schema.org\/CreativeWork\" ><div class='avia_textblock av_inherit_color'  itemprop=\"text\" ><h2 style=\"text-align: center;\">  Bezpiecze\u0144stwo i zasady<\/h2>\n<ul>\n<li style=\"text-align: left;\">Parking jest bezobs\u0142ugowy, ale monitorowany przez kamery i regularnie sprawdzany.<\/li>\n<li style=\"text-align: left;\">W przypadku nieuiszczenia op\u0142aty\/nielegalnego parkowania mo\u017ce zosta\u0107 naliczona op\u0142ata za kontrol\u0119 w wysoko\u015bci 700 SEK.<\/li>\n<li style=\"text-align: left;\">Nieprawid\u0142owe parkowanie, kt\u00f3re blokuje wyjazd, mo\u017ce prowadzi\u0107 do mandat\u00f3w i holowania na koszt w\u0142a\u015bciciela samochodu.<\/li>\n<li>Przeczytaj nasze <a href=\"https:\/\/apark.se\/pl\/ogolne-warunki-parkowania-w-apark\/\">og\u00f3lne warunki tutaj<\/a><\/li>\n<\/ul>\n<p style=\"text-align: center;\">\n<\/div><\/section><\/div><div class='av-flex-placeholder'><\/div>\n<style type=\"text\/css\" data-created_by=\"avia_inline_auto\" id=\"style-css-av-13t9bxi-6b029e1d968be5327c6b7e895ba8724d\">\n.flex_column.av-13t9bxi-6b029e1d968be5327c6b7e895ba8724d{\nwidth:31.333333333333%;\nmargin-left:0;\npadding:20px 20px 20px 20px;\nbackground-color:#ffffff;\n}\n#top .flex_column_table.av-equal-height-column-flextable.av-13t9bxi-6b029e1d968be5327c6b7e895ba8724d .av-flex-placeholder{\nwidth:3%;\n}\n<\/style>\n<div  class='flex_column av-13t9bxi-6b029e1d968be5327c6b7e895ba8724d av_one_third  avia-builder-el-32  el_after_av_one_third  el_before_av_one_third  flex_column_table_cell av-equal-height-column av-align-top  '     ><section  class='av_textblock_section av-vymv2e-71867b81b4b2e50a08c98ffebc126ea3 '   itemscope=\"itemscope\" itemtype=\"https:\/\/schema.org\/CreativeWork\" ><div class='avia_textblock av_inherit_color'  itemprop=\"text\" ><h2 style=\"text-align: center;\">Rozbudowa parkingu?<\/h2>\n<p style=\"text-align: center;\">Je\u015bli musisz parkowa\u0107 d\u0142u\u017cej ni\u017c planowa\u0142e\u015b, po prostu kup wi\u0119cej dni.<\/p>\n<p style=\"text-align: center;\">\n<\/div><\/section><br \/>\n<section  class='av_textblock_section av-ldbj4lwk-2c71c2b04232cfa23b0a630a1f4bc4ab '   itemscope=\"itemscope\" itemtype=\"https:\/\/schema.org\/CreativeWork\" ><div class='avia_textblock'  itemprop=\"text\" ><h2 style=\"text-align: center;\">Wskaz\u00f3wki!<\/h2>\n<p style=\"text-align: center;\">Je\u015bli podr\u00f3\u017cuje kilka os\u00f3b, przed zaparkowaniem samochodu mo\u017cna wysadzi\u0107 jedn\u0105 osob\u0119 z baga\u017cem na lotnisku Arlanda lub na przystanku autobusowym na M\u00e5byleden.<\/p>\n<\/div><\/section><br \/>\n<section  class='av_textblock_section av-mkyfj2a3-2b0c2fd9d87555d9f70ac557e1e267a3 '   itemscope=\"itemscope\" itemtype=\"https:\/\/schema.org\/CreativeWork\" ><div class='avia_textblock'  itemprop=\"text\" ><h2 style=\"text-align: center;\">Darmowa skrobaczka do lodu!<\/h2>\n<p style=\"text-align: center;\">Mamy darmowe skrobaczki do lodu, je\u015bli ich potrzebujesz! Mo\u017cna je znale\u017a\u0107 w bia\u0142ej skrzynce na listy pod du\u017cym znakiem powitalnym. <\/p>\n<\/div><\/section><\/p><\/div><\/div><!--close column table wrapper. Autoclose: 1 --><div class='flex_column_table av-6dakfa-b7cea5f73ed44c0856bf714b8959452e sc-av_one_third av-equal-height-column-flextable'>\n<style type=\"text\/css\" data-created_by=\"avia_inline_auto\" id=\"style-css-av-6dakfa-b7cea5f73ed44c0856bf714b8959452e\">\n.flex_column.av-6dakfa-b7cea5f73ed44c0856bf714b8959452e{\nwidth:31.333333333333%;\nmargin-left:0;\npadding:20px 20px 20px 20px;\nbackground-color:#ffffff;\n}\n#top .flex_column_table.av-equal-height-column-flextable.av-6dakfa-b7cea5f73ed44c0856bf714b8959452e .av-flex-placeholder{\nwidth:3%;\n}\n<\/style>\n<div  class='flex_column av-6dakfa-b7cea5f73ed44c0856bf714b8959452e av_one_third  avia-builder-el-36  el_after_av_one_third  el_before_av_one_third  first flex_column_table_cell av-equal-height-column av-align-top  column-top-margin'     ><section  class='av_textblock_section av-l1c12zeb-6ba621bf5885bddb41f8292abe7fd1fd '   itemscope=\"itemscope\" itemtype=\"https:\/\/schema.org\/CreativeWork\" ><div class='avia_textblock'  itemprop=\"text\" ><h2 style=\"text-align: center;\">Znajd\u017a tutaj<\/h2>\n<h4 style=\"text-align: center;\">Mapy Google<\/h4>\n<p style=\"text-align: center;\"><a href=\"https:\/\/maps.app.goo.gl\/fLxeafpAHsuVZkE27\" target=\"_blank\" rel=\"noopener\">https:\/\/maps.app.goo.gl\/fLxeafpAHsuVZkE27<\/a><\/p>\n<h4 style=\"text-align: center;\">Taks\u00f3wki<\/h4>\n<p style=\"text-align: center;\">Adres: Apark, M\u00e5by 123, M\u00e4rsta<\/p>\n<h4 style=\"text-align: center;\">Wsp\u00f3\u0142rz\u0119dne GPS<\/h4>\n<p class=\"x3AX1-LfntMc-header-title-VdSJob\" style=\"text-align: center;\">59.63480125918107, 17.897351923936206<\/p>\n<p style=\"text-align: center;\">\n<\/div><\/section><br \/>\n\n<style type=\"text\/css\" data-created_by=\"avia_inline_auto\" id=\"style-css-av-s8urfq-a27bd4f1bb44af6ac46f55559a1045a6\">\n#top .hr.hr-invisible.av-s8urfq-a27bd4f1bb44af6ac46f55559a1045a6{\nheight:20px;\n}\n<\/style>\n<div  class='hr av-s8urfq-a27bd4f1bb44af6ac46f55559a1045a6 hr-invisible  avia-builder-el-38  el_after_av_textblock  el_before_av_image '><span class='hr-inner '><span class=\"hr-inner-style\"><\/span><\/span><\/div><br \/>\n\n<style type=\"text\/css\" data-created_by=\"avia_inline_auto\" id=\"style-css-av-l38v5v5s-46aec587577707ecd5d010f4b1f26027\">\n.avia-image-container.av-l38v5v5s-46aec587577707ecd5d010f4b1f26027 img.avia_image{\nbox-shadow:none;\n}\n.avia-image-container.av-l38v5v5s-46aec587577707ecd5d010f4b1f26027 .av-image-caption-overlay-center{\ncolor:#ffffff;\n}\n<\/style>\n<div  class='avia-image-container av-l38v5v5s-46aec587577707ecd5d010f4b1f26027 av-styling- avia-align-center  avia-builder-el-39  el_after_av_hr  avia-builder-el-last '   itemprop=\"image\" itemscope=\"itemscope\" itemtype=\"https:\/\/schema.org\/ImageObject\" ><div class=\"avia-image-container-inner\"><div class=\"avia-image-overlay-wrap\"><img decoding=\"async\" fetchpriority=\"high\" class='wp-image-26531 avia-img-lazy-loading-not-26531 avia_image ' src=\"https:\/\/apark.se\/wp-content\/uploads\/2026\/03\/billig-langtidsparkering-arlanda-1.png\" alt='billig l\u00e5ngtidsparkering arlanda' title='billig l\u00e5ngtidsparkering arlanda'  height=\"1182\" width=\"1595\"  itemprop=\"thumbnailUrl\" srcset=\"https:\/\/apark.se\/wp-content\/uploads\/2026\/03\/billig-langtidsparkering-arlanda-1.png 1595w, https:\/\/apark.se\/wp-content\/uploads\/2026\/03\/billig-langtidsparkering-arlanda-1-300x222.png 300w, https:\/\/apark.se\/wp-content\/uploads\/2026\/03\/billig-langtidsparkering-arlanda-1-1030x763.png 1030w, https:\/\/apark.se\/wp-content\/uploads\/2026\/03\/billig-langtidsparkering-arlanda-1-768x569.png 768w, https:\/\/apark.se\/wp-content\/uploads\/2026\/03\/billig-langtidsparkering-arlanda-1-1536x1138.png 1536w, https:\/\/apark.se\/wp-content\/uploads\/2026\/03\/billig-langtidsparkering-arlanda-1-1500x1112.png 1500w, https:\/\/apark.se\/wp-content\/uploads\/2026\/03\/billig-langtidsparkering-arlanda-1-705x522.png 705w\" sizes=\"(max-width: 1595px) 100vw, 1595px\" \/><\/div><\/div><\/div><\/p><\/div><div class='av-flex-placeholder'><\/div>\n<style type=\"text\/css\" data-created_by=\"avia_inline_auto\" id=\"style-css-av-10lp3eu-bc4078434b1c7e2612720582ec32cca4\">\n.flex_column.av-10lp3eu-bc4078434b1c7e2612720582ec32cca4{\nwidth:31.333333333333%;\nmargin-left:0;\npadding:20px 20px 20px 20px;\nbackground-color:#ffffff;\n}\n#top .flex_column_table.av-equal-height-column-flextable.av-10lp3eu-bc4078434b1c7e2612720582ec32cca4 .av-flex-placeholder{\nwidth:3%;\n}\n<\/style>\n<div  class='flex_column av-10lp3eu-bc4078434b1c7e2612720582ec32cca4 av_one_third  avia-builder-el-40  el_after_av_one_third  el_before_av_one_third  flex_column_table_cell av-equal-height-column av-align-top  column-top-margin'     ><section  class='av_textblock_section av-1c9a6-b1df9fdabf7b3000f403a53ce927cb83 '   itemscope=\"itemscope\" itemtype=\"https:\/\/schema.org\/CreativeWork\" ><div class='avia_textblock'  itemprop=\"text\" ><h2 style=\"text-align: center;\">Parkowanie we w\u0142a\u015bciwy spos\u00f3b<\/h2>\n<\/div><\/section><br \/>\n\n<style type=\"text\/css\" data-created_by=\"avia_inline_auto\" id=\"style-css-av-cvgky-e4041f8f86a5c3bf7d9c51a8db5d0407\">\n#top .hr.hr-invisible.av-cvgky-e4041f8f86a5c3bf7d9c51a8db5d0407{\nheight:20px;\n}\n<\/style>\n<div  class='hr av-cvgky-e4041f8f86a5c3bf7d9c51a8db5d0407 hr-invisible  avia-builder-el-42  el_after_av_textblock  el_before_av_image '><span class='hr-inner '><span class=\"hr-inner-style\"><\/span><\/span><\/div><br \/>\n\n<style type=\"text\/css\" data-created_by=\"avia_inline_auto\" id=\"style-css-av-c5826-1b49392e8b4f6eefc4783bc9292d8cd4\">\n.avia-image-container.av-c5826-1b49392e8b4f6eefc4783bc9292d8cd4 img.avia_image{\nbox-shadow:none;\n}\n.avia-image-container.av-c5826-1b49392e8b4f6eefc4783bc9292d8cd4 .av-image-caption-overlay-center{\ncolor:#ffffff;\n}\n<\/style>\n<div  class='avia-image-container av-c5826-1b49392e8b4f6eefc4783bc9292d8cd4 av-styling- avia-align-center  avia-builder-el-43  el_after_av_hr  el_before_av_hr '   itemprop=\"image\" itemscope=\"itemscope\" itemtype=\"https:\/\/schema.org\/ImageObject\" ><div class=\"avia-image-container-inner\"><div class=\"avia-image-overlay-wrap\"><img decoding=\"async\" fetchpriority=\"high\" class='wp-image-26560 avia-img-lazy-loading-not-26560 avia_image ' src=\"https:\/\/apark.se\/wp-content\/uploads\/2026\/03\/apark-langtidsparkering-billig-parkeringskarta.png.png\" alt='apark l\u00e5ngtidsparkering billig parkeringskarta' title='apark l\u00e5ngtidsparkering billig parkeringskarta.png'  height=\"1026\" width=\"692\"  itemprop=\"thumbnailUrl\" srcset=\"https:\/\/apark.se\/wp-content\/uploads\/2026\/03\/apark-langtidsparkering-billig-parkeringskarta.png.png 692w, https:\/\/apark.se\/wp-content\/uploads\/2026\/03\/apark-langtidsparkering-billig-parkeringskarta.png-202x300.png 202w, https:\/\/apark.se\/wp-content\/uploads\/2026\/03\/apark-langtidsparkering-billig-parkeringskarta.png-475x705.png 475w\" sizes=\"(max-width: 692px) 100vw, 692px\" \/><\/div><\/div><\/div><br \/>\n\n<style type=\"text\/css\" data-created_by=\"avia_inline_auto\" id=\"style-css-av-buq4m-2c726ab0cf810b07f95546bb9512af9a\">\n#top .hr.hr-invisible.av-buq4m-2c726ab0cf810b07f95546bb9512af9a{\nheight:20px;\n}\n<\/style>\n<div  class='hr av-buq4m-2c726ab0cf810b07f95546bb9512af9a hr-invisible  avia-builder-el-44  el_after_av_image  el_before_av_textblock '><span class='hr-inner '><span class=\"hr-inner-style\"><\/span><\/span><\/div><br \/>\n<section  class='av_textblock_section av-b9ie6-3eac8a18377e1808d2b13762b49a79de '   itemscope=\"itemscope\" itemtype=\"https:\/\/schema.org\/CreativeWork\" ><div class='avia_textblock'  itemprop=\"text\" ><h4 style=\"text-align: center;\">Parkujesz na du\u017cej \u017cwirowej powierzchni parku z du\u017c\u0105 ilo\u015bci\u0105 miejsca i wieloma miejscami parkingowymi.<\/h4>\n<h4 style=\"text-align: center;\"><span style=\"color: #ff0000;\"><br \/>\nPARKOWA\u0106 TYLKO NA TERENIE ZIELONYM!<\/span><\/h4>\n<\/div><\/section><\/p><\/div><div class='av-flex-placeholder'><\/div>\n<style type=\"text\/css\" data-created_by=\"avia_inline_auto\" id=\"style-css-av-rlkpom-d07673d75ad15f023a3dcaf3dc709a13\">\n.flex_column.av-rlkpom-d07673d75ad15f023a3dcaf3dc709a13{\nwidth:31.333333333333%;\nmargin-left:0;\npadding:20px 20px 20px 20px;\nbackground-color:#ffffff;\n}\n#top .flex_column_table.av-equal-height-column-flextable.av-rlkpom-d07673d75ad15f023a3dcaf3dc709a13 .av-flex-placeholder{\nwidth:3%;\n}\n<\/style>\n<div  class='flex_column av-rlkpom-d07673d75ad15f023a3dcaf3dc709a13 av_one_third  avia-builder-el-46  el_after_av_one_third  avia-builder-el-last  flex_column_table_cell av-equal-height-column av-align-top  column-top-margin'     ><section  class='av_textblock_section av-44rhq-184a97d1f11f98f0c77bc58bbe43ff53 '   itemscope=\"itemscope\" itemtype=\"https:\/\/schema.org\/CreativeWork\" ><div class='avia_textblock'  itemprop=\"text\" ><h2 style=\"text-align: center;\">Autobus SL 579 do i z Arlandy 24 godziny na dob\u0119<\/h2>\n<\/div><\/section><br \/>\n\n<style type=\"text\/css\" data-created_by=\"avia_inline_auto\" id=\"style-css-av-33vmy-c682a35f43407b5f479d1b89da9ea957\">\n#top .hr.hr-invisible.av-33vmy-c682a35f43407b5f479d1b89da9ea957{\nheight:20px;\n}\n<\/style>\n<div  class='hr av-33vmy-c682a35f43407b5f479d1b89da9ea957 hr-invisible  avia-builder-el-48  el_after_av_textblock  el_before_av_image '><span class='hr-inner '><span class=\"hr-inner-style\"><\/span><\/span><\/div><br \/>\n\n<style type=\"text\/css\" data-created_by=\"avia_inline_auto\" id=\"style-css-av-2xvny-9d8bbd2cfa52607f05392b95716e1f6c\">\n.avia-image-container.av-2xvny-9d8bbd2cfa52607f05392b95716e1f6c img.avia_image{\nbox-shadow:none;\n}\n.avia-image-container.av-2xvny-9d8bbd2cfa52607f05392b95716e1f6c .av-image-caption-overlay-center{\ncolor:#ffffff;\n}\n<\/style>\n<div  class='avia-image-container av-2xvny-9d8bbd2cfa52607f05392b95716e1f6c av-styling- avia-align-center  avia-builder-el-49  el_after_av_hr  el_before_av_hr '   itemprop=\"image\" itemscope=\"itemscope\" itemtype=\"https:\/\/schema.org\/ImageObject\" ><div class=\"avia-image-container-inner\"><div class=\"avia-image-overlay-wrap\"><img decoding=\"async\" fetchpriority=\"high\" class='wp-image-10026 avia-img-lazy-loading-not-10026 avia_image ' src=\"https:\/\/apark.se\/wp-content\/uploads\/2022\/08\/Apark-buss-579-till-Arlanda.jpg\" alt='' title='Apark-buss-579-till-Arlanda'  height=\"500\" width=\"500\"  itemprop=\"thumbnailUrl\" srcset=\"https:\/\/apark.se\/wp-content\/uploads\/2022\/08\/Apark-buss-579-till-Arlanda.jpg 500w, https:\/\/apark.se\/wp-content\/uploads\/2022\/08\/Apark-buss-579-till-Arlanda-300x300.jpg 300w, https:\/\/apark.se\/wp-content\/uploads\/2022\/08\/Apark-buss-579-till-Arlanda-80x80.jpg 80w, https:\/\/apark.se\/wp-content\/uploads\/2022\/08\/Apark-buss-579-till-Arlanda-36x36.jpg 36w, https:\/\/apark.se\/wp-content\/uploads\/2022\/08\/Apark-buss-579-till-Arlanda-180x180.jpg 180w\" sizes=\"(max-width: 500px) 100vw, 500px\" \/><\/div><\/div><\/div><br \/>\n\n<style type=\"text\/css\" data-created_by=\"avia_inline_auto\" id=\"style-css-av-27ake-ce7842971990629e51fe21a2fb795d79\">\n#top .hr.hr-invisible.av-27ake-ce7842971990629e51fe21a2fb795d79{\nheight:20px;\n}\n<\/style>\n<div  class='hr av-27ake-ce7842971990629e51fe21a2fb795d79 hr-invisible  avia-builder-el-50  el_after_av_image  el_before_av_textblock '><span class='hr-inner '><span class=\"hr-inner-style\"><\/span><\/span><\/div><br \/>\n<section  class='av_textblock_section av-1p3xq-50c3cdb8943ed69f9f72c8bce47f562d '   itemscope=\"itemscope\" itemtype=\"https:\/\/schema.org\/CreativeWork\" ><div class='avia_textblock'  itemprop=\"text\" ><h4 style=\"text-align: center;\">Autobus SL 579 (przystanek M\u00e5by) kursuje do i z Arlandy 24 godziny na dob\u0119. Przystanek znajduje si\u0119 oko\u0142o 5 minut spacerem (oko\u0142o 500 m) od parkingu, a podr\u00f3\u017c do Arlandy zajmuje oko\u0142o 10 minut. <\/h4>\n<\/div><\/section><br \/>\n\n<style type=\"text\/css\" data-created_by=\"avia_inline_auto\" id=\"style-css-av-tiz6-853cb34016683136d4cc96317f3d211e\">\n#top .hr.hr-invisible.av-tiz6-853cb34016683136d4cc96317f3d211e{\nheight:20px;\n}\n<\/style>\n<div  class='hr av-tiz6-853cb34016683136d4cc96317f3d211e hr-invisible  avia-builder-el-52  el_after_av_textblock  el_before_av_button '><span class='hr-inner '><span class=\"hr-inner-style\"><\/span><\/span><\/div><br \/>\n<div  class='avia-button-wrap av-l6qmipzy-79c41275ba546cdc12df0922e086923a-wrap avia-button-center  avia-builder-el-53  el_after_av_hr  el_before_av_hr '><a href='https:\/\/sl.se\/?mode=travelPlanner&amp;origName=M\u00e5by+%28Sigtuna%29&amp;origLocationType=Site&amp;origSiteId=5092&amp;origPlaceId=OTA5MTAwMTAwMDAwNTA5Mg%3D%3D&amp;destName=Arlanda+terminal+2+och+3+%28Sigtuna%29&amp;destLocationType=Site&amp;destPlaceId=OTA5MTAwMTAwMDAwNTAwMg%3D%3D&amp;transportTypes=%5B%22METRO%22%2C%22BUS%22%2C%22TRAIN%22%2C%22TRAM%22%2C%22SHIP%22%2C%22NARBUSS%22%5D'  class='avia-button av-l6qmipzy-79c41275ba546cdc12df0922e086923a av-link-btn avia-icon_select-no avia-size-small avia-position-center avia-color-theme-color'  target=\"_blank\"  rel=\"noopener noreferrer\"  aria-label=\"Harmonogram\"><span class='avia_iconbox_title' >Harmonogram<\/span><\/a><\/div><br \/>\n\n<style type=\"text\/css\" data-created_by=\"avia_inline_auto\" id=\"style-css-av-10m2i-5631286505c7a5889a973923cebd3266\">\n#top .hr.hr-invisible.av-10m2i-5631286505c7a5889a973923cebd3266{\nheight:20px;\n}\n<\/style>\n<div  class='hr av-10m2i-5631286505c7a5889a973923cebd3266 hr-invisible  avia-builder-el-54  el_after_av_button  el_before_av_textblock '><span class='hr-inner '><span class=\"hr-inner-style\"><\/span><\/span><\/div><br \/>\n<section  class='av_textblock_section av-mk8sckdr-e441304976c618dd3d87fe748b3ab90a '   itemscope=\"itemscope\" itemtype=\"https:\/\/schema.org\/CreativeWork\" ><div class='avia_textblock'  itemprop=\"text\" ><h2 style=\"text-align: center;\">Nast\u0119pny autobus<\/h2>\n<\/div><\/section><br \/>\n<\/p><\/div><\/div><!--close column table wrapper. Autoclose: 1 -->\n\n<\/div><\/div><\/div><!-- close content main div --><\/div><\/div><div id='av_section_4'  class='avia-section av-1i7mu-e881ec088b9dd0f3898826c6ff993134 main_color avia-section-default avia-no-border-styling  avia-builder-el-57  el_after_av_section  el_before_av_hr  avia-bg-style-scroll container_wrap fullsize'  ><div class='container av-section-cont-open' ><div class='template-page content  av-content-full alpha units'><div class='post-entry post-entry-type-page post-entry-25494'><div class='entry-content-wrapper clearfix'>\n<div class='flex_column_table av-15ixu7a-07e153b61a77e0351bd43b2f35ce98a1 sc-av_one_full av-equal-height-column-flextable'>\n<style type=\"text\/css\" data-created_by=\"avia_inline_auto\" id=\"style-css-av-15ixu7a-07e153b61a77e0351bd43b2f35ce98a1\">\n.flex_column.av-15ixu7a-07e153b61a77e0351bd43b2f35ce98a1{\nborder-radius:5px 5px 5px 5px;\npadding:30px 30px 30px 30px;\nbackground-color:#ffffff;\n}\n<\/style>\n<div  class='flex_column av-15ixu7a-07e153b61a77e0351bd43b2f35ce98a1 av_one_full  avia-builder-el-58  avia-builder-el-no-sibling  first flex_column_table_cell av-equal-height-column av-align-top av-animated-generic pop-up  '     ><\/div><\/div><!--close column table wrapper. Autoclose: 1 -->\n<\/div><\/div><\/div><!-- close content main div --><\/div><\/div><div id='after_section_4'  class='main_color av_default_container_wrap container_wrap fullsize'  ><div class='container av-section-cont-open' ><div class='template-page content  av-content-full alpha units'><div class='post-entry post-entry-type-page post-entry-25494'><div class='entry-content-wrapper clearfix'>\n\n<style type=\"text\/css\" data-created_by=\"avia_inline_auto\" id=\"style-css-av-16kqa-f8fefe95a72e574ff4eb41a6bd05f61b\">\n#top .hr.hr-invisible.av-16kqa-f8fefe95a72e574ff4eb41a6bd05f61b{\nheight:25px;\n}\n<\/style>\n<div  class='hr av-16kqa-f8fefe95a72e574ff4eb41a6bd05f61b hr-invisible  avia-builder-el-60  el_after_av_section  el_before_av_image  avia-builder-el-first  av-mini-hide'><span class='hr-inner '><span class=\"hr-inner-style\"><\/span><\/span><\/div>\n\n<style type=\"text\/css\" data-created_by=\"avia_inline_auto\" id=\"style-css-av-l19aby9u-2651c20254b39260e7be461f4d8878db\">\n.avia-image-container.av-l19aby9u-2651c20254b39260e7be461f4d8878db img.avia_image{\nbox-shadow:none;\n}\n.avia-image-container.av-l19aby9u-2651c20254b39260e7be461f4d8878db .av-image-caption-overlay-center{\ncolor:#ffffff;\n}\n<\/style>\n<div  class='avia-image-container av-l19aby9u-2651c20254b39260e7be461f4d8878db av-styling- avia_animated_image av-animated-when-visible-95 pop-up avia-align-center  avia-builder-el-61  el_after_av_hr  el_before_av_textblock '   itemprop=\"image\" itemscope=\"itemscope\" itemtype=\"https:\/\/schema.org\/ImageObject\" ><div class=\"avia-image-container-inner\"><div class=\"avia-image-overlay-wrap\"><img decoding=\"async\" fetchpriority=\"high\" class='wp-image-7747 avia-img-lazy-loading-not-7747 avia_image ' src=\"https:\/\/apark.se\/wp-content\/uploads\/2022\/06\/billig-langtidsparkering-arlanda-300x95.png\" alt='billig l\u00e5ngtidsparkering arlanda' title='billig l\u00e5ngtidsparkering arlanda'  height=\"95\" width=\"300\"  itemprop=\"thumbnailUrl\" srcset=\"https:\/\/apark.se\/wp-content\/uploads\/2022\/06\/billig-langtidsparkering-arlanda-300x95.png 300w, https:\/\/apark.se\/wp-content\/uploads\/2022\/06\/billig-langtidsparkering-arlanda.png 350w\" sizes=\"(max-width: 300px) 100vw, 300px\" \/><\/div><\/div><\/div>\n<section  class='av_textblock_section av-l19al29c-b1901050789db520632a4e0c79b35eb7 '   itemscope=\"itemscope\" itemtype=\"https:\/\/schema.org\/CreativeWork\" ><div class='avia_textblock'  itemprop=\"text\" ><h2 style=\"text-align: center;\">Skontaktuj si\u0119 z nami pod adresem<\/h2>\n<p style=\"text-align: center;\">Mo\u017cna si\u0119 z nami skontaktowa\u0107 pod adresami <a href=\"mailto:info@apark.se\">info@apark.se<\/a> i <a href=\"tel:+46850235022\">08-502 350 22<\/a> (w godzinach od 09:00 do 17:00).<\/p>\n<p style=\"text-align: center;\"><strong>Czy otrzyma\u0142e\u015b op\u0142at\u0119 za inspekcj\u0119?<\/strong> Odwied\u017a <a href=\"https:\/\/kontrollavgift.se\/\">www.kontrollavgift.se<\/a><\/p>\n<p style=\"text-align: center;\">\n<\/div><\/section>\n<\/div><\/div><\/div><!-- close content main div --><\/div><\/div>\n<style type=\"text\/css\" data-created_by=\"avia_inline_auto\" id=\"style-css-av-l3a9p8rp-82cba8a03161d2e5bf40b1c6a4497e3a\">\n.avia-section.av-l3a9p8rp-82cba8a03161d2e5bf40b1c6a4497e3a{\nbackground-color:#354f8c;\nbackground-image:unset;\n}\n<\/style>\n<div id='av_section_5'  class='avia-section av-l3a9p8rp-82cba8a03161d2e5bf40b1c6a4497e3a main_color avia-section-default avia-no-border-styling  avia-builder-el-63  el_after_av_textblock  avia-builder-el-last  avia-bg-style-scroll container_wrap fullsize'  ><div class='container av-section-cont-open' ><div class='template-page content  av-content-full alpha units'><div class='post-entry post-entry-type-page post-entry-25494'><div class='entry-content-wrapper clearfix'>\n\n<style type=\"text\/css\" data-created_by=\"avia_inline_auto\" id=\"style-css-av-l3a9qllg-bf37dc9f84d39cc69941687bfc09f46b\">\n.flex_column.av-l3a9qllg-bf37dc9f84d39cc69941687bfc09f46b{\npadding:20px 20px 20px 20px;\n}\n<\/style>\n<div  class='flex_column av-l3a9qllg-bf37dc9f84d39cc69941687bfc09f46b av_one_full  avia-builder-el-64  avia-builder-el-no-sibling  first flex_column_div  '     ><style type=\"text\/css\" data-created_by=\"avia_inline_auto\" id=\"style-css-av-l3a9lrz6-2bfbc3d621e0f181c438a02a06424ffc\">\n#top .av_textblock_section.av-l3a9lrz6-2bfbc3d621e0f181c438a02a06424ffc .avia_textblock{\ncolor:#ffffff;\n}\n<\/style>\n<section  class='av_textblock_section av-l3a9lrz6-2bfbc3d621e0f181c438a02a06424ffc '   itemscope=\"itemscope\" itemtype=\"https:\/\/schema.org\/CreativeWork\" ><div class='avia_textblock av_inherit_color'  itemprop=\"text\" ><h2 style=\"text-align: center;\"><a href=\"https:\/\/apark.se\/pl\/tani-parking-dlugoterminowy-arlanda-40kr-dzien\/\"><strong>Witamy w Apark &#8211; tani parking d\u0142ugoterminowy Arlanda &#8211; 40SEK \/ dzie\u0144<\/strong><\/a><\/h2>\n<p style=\"text-align: center;\">\n<\/div><\/section><\/div>\n\n","protected":false},"excerpt":{"rendered":"","protected":false},"author":2,"featured_media":0,"parent":0,"menu_order":0,"comment_status":"closed","ping_status":"closed","template":"","meta":{"footnotes":""},"class_list":["post-25494","page","type-page","status-publish","hentry"],"yoast_head":"<!-- This site is optimized with the Yoast SEO plugin v27.5 - https:\/\/yoast.com\/product\/yoast-seo-wordpress\/ -->\n<title>Tani parking d\u0142ugoterminowy Arlanda 40kr \/ dzie\u0144 - A Park<\/title>\n<meta name=\"description\" content=\"Je\u015bli szukasz taniego d\u0142ugoterminowego parkingu przy Arlanda, jeste\u015b we w\u0142a\u015bciwym miejscu. Sam zaparkujesz i sam dojedziesz do Arlanda. Tylko 40kr\/dzie\u0144\" \/>\n<meta name=\"robots\" content=\"index, follow, max-snippet:-1, max-image-preview:large, max-video-preview:-1\" \/>\n<link rel=\"canonical\" href=\"https:\/\/apark.se\/pl\/\" \/>\n<meta property=\"og:locale\" content=\"pl_PL\" \/>\n<meta property=\"og:type\" content=\"article\" \/>\n<meta property=\"og:title\" content=\"Tani parking d\u0142ugoterminowy Arlanda 40kr \/ dzie\u0144 - A Park\" \/>\n<meta property=\"og:description\" content=\"Je\u015bli szukasz taniego d\u0142ugoterminowego parkingu przy Arlanda, jeste\u015b we w\u0142a\u015bciwym miejscu. Sam zaparkujesz i sam dojedziesz do Arlanda. Tylko 40kr\/dzie\u0144\" \/>\n<meta property=\"og:url\" content=\"https:\/\/apark.se\/pl\/\" \/>\n<meta property=\"og:site_name\" content=\"A Park\" \/>\n<meta property=\"article:modified_time\" content=\"2026-04-06T18:55:08+00:00\" \/>\n<meta name=\"twitter:card\" content=\"summary_large_image\" \/>\n<meta name=\"twitter:label1\" content=\"Szacowany czas czytania\" \/>\n\t<meta name=\"twitter:data1\" content=\"80 minut\" \/>\n<script type=\"application\/ld+json\" class=\"yoast-schema-graph\">{\"@context\":\"https:\\\/\\\/schema.org\",\"@graph\":[{\"@type\":\"WebPage\",\"@id\":\"https:\\\/\\\/apark.se\\\/pl\\\/\",\"url\":\"https:\\\/\\\/apark.se\\\/pl\\\/\",\"name\":\"Tani parking d\u0142ugoterminowy Arlanda 40kr \\\/ dzie\u0144 - A Park\",\"isPartOf\":{\"@id\":\"https:\\\/\\\/apark.se\\\/pl\\\/#website\"},\"datePublished\":\"2026-01-10T11:55:57+00:00\",\"dateModified\":\"2026-04-06T18:55:08+00:00\",\"description\":\"Je\u015bli szukasz taniego d\u0142ugoterminowego parkingu przy Arlanda, jeste\u015b we w\u0142a\u015bciwym miejscu. Sam zaparkujesz i sam dojedziesz do Arlanda. Tylko 40kr\\\/dzie\u0144\",\"breadcrumb\":{\"@id\":\"https:\\\/\\\/apark.se\\\/pl\\\/#breadcrumb\"},\"inLanguage\":\"pl-PL\",\"potentialAction\":[{\"@type\":\"ReadAction\",\"target\":[\"https:\\\/\\\/apark.se\\\/pl\\\/\"]}]},{\"@type\":\"BreadcrumbList\",\"@id\":\"https:\\\/\\\/apark.se\\\/pl\\\/#breadcrumb\",\"itemListElement\":[{\"@type\":\"ListItem\",\"position\":1,\"name\":\"Hem\",\"item\":\"https:\\\/\\\/apark.se\\\/pl\\\/tani-parking-dlugoterminowy-arlanda-40kr-dzien\\\/\"},{\"@type\":\"ListItem\",\"position\":2,\"name\":\"Tani parking d\u0142ugoterminowy Arlanda 40kr \\\/ dzie\u0144\"}]},{\"@type\":\"WebSite\",\"@id\":\"https:\\\/\\\/apark.se\\\/pl\\\/#website\",\"url\":\"https:\\\/\\\/apark.se\\\/pl\\\/\",\"name\":\"A Park\",\"description\":\"Billig l\u00e5ngtidsparkering Arlanda 40kr \\\/ kalenderdag\",\"publisher\":{\"@id\":\"https:\\\/\\\/apark.se\\\/pl\\\/#organization\"},\"potentialAction\":[{\"@type\":\"SearchAction\",\"target\":{\"@type\":\"EntryPoint\",\"urlTemplate\":\"https:\\\/\\\/apark.se\\\/pl\\\/?s={search_term_string}\"},\"query-input\":{\"@type\":\"PropertyValueSpecification\",\"valueRequired\":true,\"valueName\":\"search_term_string\"}}],\"inLanguage\":\"pl-PL\"},{\"@type\":\"Organization\",\"@id\":\"https:\\\/\\\/apark.se\\\/pl\\\/#organization\",\"name\":\"A Park\",\"url\":\"https:\\\/\\\/apark.se\\\/pl\\\/\",\"logo\":{\"@type\":\"ImageObject\",\"inLanguage\":\"pl-PL\",\"@id\":\"https:\\\/\\\/apark.se\\\/pl\\\/#\\\/schema\\\/logo\\\/image\\\/\",\"url\":\"https:\\\/\\\/apark.se\\\/wp-content\\\/uploads\\\/2022\\\/05\\\/Namnlost-1.png\",\"contentUrl\":\"https:\\\/\\\/apark.se\\\/wp-content\\\/uploads\\\/2022\\\/05\\\/Namnlost-1.png\",\"width\":340,\"height\":107,\"caption\":\"A Park\"},\"image\":{\"@id\":\"https:\\\/\\\/apark.se\\\/pl\\\/#\\\/schema\\\/logo\\\/image\\\/\"}}]}<\/script>\n<!-- \/ Yoast SEO plugin. -->","yoast_head_json":{"title":"Tani parking d\u0142ugoterminowy Arlanda 40kr \/ dzie\u0144 - A Park","description":"Je\u015bli szukasz taniego d\u0142ugoterminowego parkingu przy Arlanda, jeste\u015b we w\u0142a\u015bciwym miejscu. Sam zaparkujesz i sam dojedziesz do Arlanda. Tylko 40kr\/dzie\u0144","robots":{"index":"index","follow":"follow","max-snippet":"max-snippet:-1","max-image-preview":"max-image-preview:large","max-video-preview":"max-video-preview:-1"},"canonical":"https:\/\/apark.se\/pl\/","og_locale":"pl_PL","og_type":"article","og_title":"Tani parking d\u0142ugoterminowy Arlanda 40kr \/ dzie\u0144 - A Park","og_description":"Je\u015bli szukasz taniego d\u0142ugoterminowego parkingu przy Arlanda, jeste\u015b we w\u0142a\u015bciwym miejscu. Sam zaparkujesz i sam dojedziesz do Arlanda. Tylko 40kr\/dzie\u0144","og_url":"https:\/\/apark.se\/pl\/","og_site_name":"A Park","article_modified_time":"2026-04-06T18:55:08+00:00","twitter_card":"summary_large_image","twitter_misc":{"Szacowany czas czytania":"80 minut"},"schema":{"@context":"https:\/\/schema.org","@graph":[{"@type":"WebPage","@id":"https:\/\/apark.se\/pl\/","url":"https:\/\/apark.se\/pl\/","name":"Tani parking d\u0142ugoterminowy Arlanda 40kr \/ dzie\u0144 - A Park","isPartOf":{"@id":"https:\/\/apark.se\/pl\/#website"},"datePublished":"2026-01-10T11:55:57+00:00","dateModified":"2026-04-06T18:55:08+00:00","description":"Je\u015bli szukasz taniego d\u0142ugoterminowego parkingu przy Arlanda, jeste\u015b we w\u0142a\u015bciwym miejscu. Sam zaparkujesz i sam dojedziesz do Arlanda. Tylko 40kr\/dzie\u0144","breadcrumb":{"@id":"https:\/\/apark.se\/pl\/#breadcrumb"},"inLanguage":"pl-PL","potentialAction":[{"@type":"ReadAction","target":["https:\/\/apark.se\/pl\/"]}]},{"@type":"BreadcrumbList","@id":"https:\/\/apark.se\/pl\/#breadcrumb","itemListElement":[{"@type":"ListItem","position":1,"name":"Hem","item":"https:\/\/apark.se\/pl\/tani-parking-dlugoterminowy-arlanda-40kr-dzien\/"},{"@type":"ListItem","position":2,"name":"Tani parking d\u0142ugoterminowy Arlanda 40kr \/ dzie\u0144"}]},{"@type":"WebSite","@id":"https:\/\/apark.se\/pl\/#website","url":"https:\/\/apark.se\/pl\/","name":"A Park","description":"Billig l\u00e5ngtidsparkering Arlanda 40kr \/ kalenderdag","publisher":{"@id":"https:\/\/apark.se\/pl\/#organization"},"potentialAction":[{"@type":"SearchAction","target":{"@type":"EntryPoint","urlTemplate":"https:\/\/apark.se\/pl\/?s={search_term_string}"},"query-input":{"@type":"PropertyValueSpecification","valueRequired":true,"valueName":"search_term_string"}}],"inLanguage":"pl-PL"},{"@type":"Organization","@id":"https:\/\/apark.se\/pl\/#organization","name":"A Park","url":"https:\/\/apark.se\/pl\/","logo":{"@type":"ImageObject","inLanguage":"pl-PL","@id":"https:\/\/apark.se\/pl\/#\/schema\/logo\/image\/","url":"https:\/\/apark.se\/wp-content\/uploads\/2022\/05\/Namnlost-1.png","contentUrl":"https:\/\/apark.se\/wp-content\/uploads\/2022\/05\/Namnlost-1.png","width":340,"height":107,"caption":"A Park"},"image":{"@id":"https:\/\/apark.se\/pl\/#\/schema\/logo\/image\/"}}]}},"_links":{"self":[{"href":"https:\/\/apark.se\/pl\/api\/wp\/v2\/pages\/25494","targetHints":{"allow":["GET"]}}],"collection":[{"href":"https:\/\/apark.se\/pl\/api\/wp\/v2\/pages"}],"about":[{"href":"https:\/\/apark.se\/pl\/api\/wp\/v2\/types\/page"}],"author":[{"embeddable":true,"href":"https:\/\/apark.se\/pl\/api\/wp\/v2\/users\/2"}],"replies":[{"embeddable":true,"href":"https:\/\/apark.se\/pl\/api\/wp\/v2\/comments?post=25494"}],"version-history":[{"count":54,"href":"https:\/\/apark.se\/pl\/api\/wp\/v2\/pages\/25494\/revisions"}],"predecessor-version":[{"id":27175,"href":"https:\/\/apark.se\/pl\/api\/wp\/v2\/pages\/25494\/revisions\/27175"}],"wp:attachment":[{"href":"https:\/\/apark.se\/pl\/api\/wp\/v2\/media?parent=25494"}],"curies":[{"name":"wp","href":"https:\/\/api.w.org\/{rel}","templated":true}]}}